
{"id":2012,"date":"2024-07-26T10:38:33","date_gmt":"2024-07-26T10:38:33","guid":{"rendered":"https:\/\/vasc-online.com\/?page_id=2012"},"modified":"2025-03-06T15:17:39","modified_gmt":"2025-03-06T15:17:39","slug":"acreditaciones","status":"publish","type":"page","link":"https:\/\/vasc-online.com\/index.php\/acreditaciones","title":{"rendered":"Acreditaciones"},"content":{"rendered":"\t\t<div data-elementor-type=\"wp-page\" data-elementor-id=\"2012\" class=\"elementor elementor-2012\">\n\t\t\t\t\t\t<section class=\"elementor-section elementor-top-section elementor-element elementor-element-6837942 elementor-section-full_width elementor-section-content-middle elementor-section-stretched elementor-section-height-default elementor-section-height-default\" data-id=\"6837942\" data-element_type=\"section\" data-settings=\"{&quot;stretch_section&quot;:&quot;section-stretched&quot;,&quot;background_background&quot;:&quot;classic&quot;}\">\n\t\t\t\t\t\t\t<div class=\"elementor-background-overlay\"><\/div>\n\t\t\t\t\t\t\t<div class=\"elementor-container elementor-column-gap-default\">\n\t\t\t\t\t<div class=\"elementor-column elementor-col-100 elementor-top-column elementor-element elementor-element-22ec9ac\" data-id=\"22ec9ac\" data-element_type=\"column\" data-settings=\"{&quot;background_background&quot;:&quot;classic&quot;}\">\n\t\t\t<div class=\"elementor-widget-wrap elementor-element-populated\">\n\t\t\t\t\t\t<div class=\"elementor-element elementor-element-278a62d elementor-hidden-mobile elementor-widget elementor-widget-text-editor\" data-id=\"278a62d\" data-element_type=\"widget\" data-widget_type=\"text-editor.default\">\n\t\t\t\t<div class=\"elementor-widget-container\">\n\t\t\t\t\t\t\t\t\t<p style=\"font-weight: 800;\">Acreditaciones<\/p>\t\t\t\t\t\t\t\t<\/div>\n\t\t\t\t<\/div>\n\t\t\t\t<div class=\"elementor-element elementor-element-c54f02e elementor-hidden-desktop elementor-hidden-tablet elementor-widget elementor-widget-text-editor\" data-id=\"c54f02e\" data-element_type=\"widget\" data-widget_type=\"text-editor.default\">\n\t\t\t\t<div class=\"elementor-widget-container\">\n\t\t\t\t\t\t\t\t\t<p style=\"font-weight: 800;\">Acreditaciones<\/p>\t\t\t\t\t\t\t\t<\/div>\n\t\t\t\t<\/div>\n\t\t\t\t\t<\/div>\n\t\t<\/div>\n\t\t\t\t\t<\/div>\n\t\t<\/section>\n\t\t\t\t<section class=\"elementor-section elementor-top-section elementor-element elementor-element-8832cc0 elementor-section-full_width elementor-section-content-middle elementor-section-stretched elementor-section-height-default elementor-section-height-default\" data-id=\"8832cc0\" data-element_type=\"section\" data-settings=\"{&quot;stretch_section&quot;:&quot;section-stretched&quot;}\">\n\t\t\t\t\t\t<div class=\"elementor-container elementor-column-gap-default\">\n\t\t\t\t\t<div class=\"elementor-column elementor-col-50 elementor-top-column elementor-element elementor-element-da9aeab\" data-id=\"da9aeab\" data-element_type=\"column\">\n\t\t\t<div class=\"elementor-widget-wrap elementor-element-populated\">\n\t\t\t\t\t\t<div class=\"elementor-element elementor-element-75ad804 elementor-widget elementor-widget-image\" data-id=\"75ad804\" data-element_type=\"widget\" data-widget_type=\"image.default\">\n\t\t\t\t<div class=\"elementor-widget-container\">\n\t\t\t\t\t\t\t\t\t\t\t\t\t\t\t<img fetchpriority=\"high\" decoding=\"async\" width=\"715\" height=\"536\" src=\"https:\/\/vasc-online.com\/wp-content\/uploads\/2024\/10\/primeraseccion.png\" class=\"attachment-full size-full wp-image-2110\" alt=\"\" srcset=\"https:\/\/vasc-online.com\/wp-content\/uploads\/2024\/10\/primeraseccion.png 715w, https:\/\/vasc-online.com\/wp-content\/uploads\/2024\/10\/primeraseccion-300x225.png 300w, https:\/\/vasc-online.com\/wp-content\/uploads\/2024\/10\/primeraseccion-600x450.png 600w\" sizes=\"(max-width: 715px) 100vw, 715px\" \/>\t\t\t\t\t\t\t\t\t\t\t\t\t\t\t<\/div>\n\t\t\t\t<\/div>\n\t\t\t\t\t<\/div>\n\t\t<\/div>\n\t\t\t\t<div class=\"elementor-column elementor-col-50 elementor-top-column elementor-element elementor-element-3294f73\" data-id=\"3294f73\" data-element_type=\"column\">\n\t\t\t<div class=\"elementor-widget-wrap elementor-element-populated\">\n\t\t\t\t\t\t<div class=\"elementor-element elementor-element-0027b68 elementor-widget elementor-widget-text-editor\" data-id=\"0027b68\" data-element_type=\"widget\" data-widget_type=\"text-editor.default\">\n\t\t\t\t<div class=\"elementor-widget-container\">\n\t\t\t\t\t\t\t\t\t<h1 style=\"font-weight: 800; font-size: 2.7rem;\">Curr\u00edculum Vitae Normalizado<\/h1>\t\t\t\t\t\t\t\t<\/div>\n\t\t\t\t<\/div>\n\t\t\t\t<div class=\"elementor-element elementor-element-77fdf03 elementor-widget elementor-widget-text-editor\" data-id=\"77fdf03\" data-element_type=\"widget\" data-widget_type=\"text-editor.default\">\n\t\t\t\t<div class=\"elementor-widget-container\">\n\t\t\t\t\t\t\t\t\t<h4 style=\"font-weight: 800;\">INCLUSI\u00d3N DEL CURR\u00cdCULUM\u00a0 EN FORMATO CVN<\/h4>\t\t\t\t\t\t\t\t<\/div>\n\t\t\t\t<\/div>\n\t\t\t\t<div class=\"elementor-element elementor-element-a5de7d2 elementor-widget elementor-widget-text-editor\" data-id=\"a5de7d2\" data-element_type=\"widget\" data-widget_type=\"text-editor.default\">\n\t\t\t\t<div class=\"elementor-widget-container\">\n\t\t\t\t\t\t\t\t\t<p>Este servicio proporciona la inclusi\u00f3n del curr\u00edculum vitae en formato CVN mediante el editor de CVN proporcionado por la FECYT. En este servicio se incluye la carga en el sistema de todos los m\u00e9ritos del interesado.<\/p>\t\t\t\t\t\t\t\t<\/div>\n\t\t\t\t<\/div>\n\t\t\t\t<div class=\"elementor-element elementor-element-eaa77ea elementor-widget elementor-widget-text-editor\" data-id=\"eaa77ea\" data-element_type=\"widget\" data-widget_type=\"text-editor.default\">\n\t\t\t\t<div class=\"elementor-widget-container\">\n\t\t\t\t\t\t\t\t\t<h4 style=\"font-weight: 800;\">PLAZO DE REALIZACI\u00d3N<\/h4>\t\t\t\t\t\t\t\t<\/div>\n\t\t\t\t<\/div>\n\t\t\t\t<div class=\"elementor-element elementor-element-f8471dc elementor-widget elementor-widget-text-editor\" data-id=\"f8471dc\" data-element_type=\"widget\" data-widget_type=\"text-editor.default\">\n\t\t\t\t<div class=\"elementor-widget-container\">\n\t\t\t\t\t\t\t\t\t<p>La carga del curr\u00edculum vitae en formato CVN se hace en un plazo aproximado de 4 semanas.<\/p>\t\t\t\t\t\t\t\t<\/div>\n\t\t\t\t<\/div>\n\t\t\t\t<div class=\"elementor-element elementor-element-f8e0339 elementor-widget elementor-widget-text-editor\" data-id=\"f8e0339\" data-element_type=\"widget\" data-widget_type=\"text-editor.default\">\n\t\t\t\t<div class=\"elementor-widget-container\">\n\t\t\t\t\t\t\t\t\t<h4 style=\"font-weight: 800;\">HONORARIOS PROFESIONALES<\/h4>\t\t\t\t\t\t\t\t<\/div>\n\t\t\t\t<\/div>\n\t\t\t\t<div class=\"elementor-element elementor-element-bd8f468 elementor-widget elementor-widget-text-editor\" data-id=\"bd8f468\" data-element_type=\"widget\" data-widget_type=\"text-editor.default\">\n\t\t\t\t<div class=\"elementor-widget-container\">\n\t\t\t\t\t\t\t\t\t<p>Se realizar\u00e1 un presupuesto personalizado en base a la solicitud que se realice.<\/p>\t\t\t\t\t\t\t\t<\/div>\n\t\t\t\t<\/div>\n\t\t\t\t\t<\/div>\n\t\t<\/div>\n\t\t\t\t\t<\/div>\n\t\t<\/section>\n\t\t\t\t<section class=\"elementor-section elementor-top-section elementor-element elementor-element-620e54d elementor-section-full_width elementor-section-content-middle elementor-section-stretched elementor-section-height-default elementor-section-height-default\" data-id=\"620e54d\" data-element_type=\"section\" data-settings=\"{&quot;stretch_section&quot;:&quot;section-stretched&quot;,&quot;background_background&quot;:&quot;classic&quot;}\">\n\t\t\t\t\t\t<div class=\"elementor-container elementor-column-gap-default\">\n\t\t\t\t\t<div class=\"elementor-column elementor-col-50 elementor-top-column elementor-element elementor-element-2fc95db\" data-id=\"2fc95db\" data-element_type=\"column\">\n\t\t\t<div class=\"elementor-widget-wrap elementor-element-populated\">\n\t\t\t\t\t\t<div class=\"elementor-element elementor-element-e572ea2 elementor-widget elementor-widget-text-editor\" data-id=\"e572ea2\" data-element_type=\"widget\" data-widget_type=\"text-editor.default\">\n\t\t\t\t<div class=\"elementor-widget-container\">\n\t\t\t\t\t\t\t\t\t<h1 style=\"font-weight: 800;font-size:2.7rem\">Acreditaciones a todas las categor\u00edas de profesorado<\/h1>\t\t\t\t\t\t\t\t<\/div>\n\t\t\t\t<\/div>\n\t\t\t\t<div class=\"elementor-element elementor-element-e4e0e65 elementor-widget elementor-widget-text-editor\" data-id=\"e4e0e65\" data-element_type=\"widget\" data-widget_type=\"text-editor.default\">\n\t\t\t\t<div class=\"elementor-widget-container\">\n\t\t\t\t\t\t\t\t\t<h4 style=\"font-weight: 800;\">ACREDITACIONES DE PROFESORADO UNIVERSITARIO<\/h4>\t\t\t\t\t\t\t\t<\/div>\n\t\t\t\t<\/div>\n\t\t\t\t<div class=\"elementor-element elementor-element-e60895c elementor-widget elementor-widget-text-editor\" data-id=\"e60895c\" data-element_type=\"widget\" data-widget_type=\"text-editor.default\">\n\t\t\t\t<div class=\"elementor-widget-container\">\n\t\t\t\t\t\t\t\t\t<p>En Acreditarse, te liberamos del tiempo de gesti\u00f3n para la tramitaci\u00f3n de Acreditaciones Acad\u00e9micas de la ANECA. Trabajamos de forma personalizada para conseguir tu acreditaci\u00f3n en cualquier figura docente universitaria.<\/p>\t\t\t\t\t\t\t\t<\/div>\n\t\t\t\t<\/div>\n\t\t\t\t\t<\/div>\n\t\t<\/div>\n\t\t\t\t<div class=\"elementor-column elementor-col-50 elementor-top-column elementor-element elementor-element-28e0ff8\" data-id=\"28e0ff8\" data-element_type=\"column\">\n\t\t\t<div class=\"elementor-widget-wrap elementor-element-populated\">\n\t\t\t\t\t\t<div class=\"elementor-element elementor-element-db8c5f2 elementor-widget elementor-widget-image\" data-id=\"db8c5f2\" data-element_type=\"widget\" data-widget_type=\"image.default\">\n\t\t\t\t<div class=\"elementor-widget-container\">\n\t\t\t\t\t\t\t\t\t\t\t\t\t\t\t<img decoding=\"async\" width=\"715\" height=\"464\" src=\"https:\/\/vasc-online.com\/wp-content\/uploads\/2024\/10\/med.png\" class=\"attachment-full size-full wp-image-2120\" alt=\"\" srcset=\"https:\/\/vasc-online.com\/wp-content\/uploads\/2024\/10\/med.png 715w, https:\/\/vasc-online.com\/wp-content\/uploads\/2024\/10\/med-300x195.png 300w, https:\/\/vasc-online.com\/wp-content\/uploads\/2024\/10\/med-600x389.png 600w\" sizes=\"(max-width: 715px) 100vw, 715px\" \/>\t\t\t\t\t\t\t\t\t\t\t\t\t\t\t<\/div>\n\t\t\t\t<\/div>\n\t\t\t\t\t<\/div>\n\t\t<\/div>\n\t\t\t\t\t<\/div>\n\t\t<\/section>\n\t\t\t\t<section class=\"elementor-section elementor-top-section elementor-element elementor-element-db7d0ae elementor-section-full_width elementor-section-content-middle elementor-section-stretched elementor-section-height-default elementor-section-height-default\" data-id=\"db7d0ae\" data-element_type=\"section\" data-settings=\"{&quot;stretch_section&quot;:&quot;section-stretched&quot;}\">\n\t\t\t\t\t\t<div class=\"elementor-container elementor-column-gap-default\">\n\t\t\t\t\t<div class=\"elementor-column elementor-col-100 elementor-top-column elementor-element elementor-element-f4f8d06\" data-id=\"f4f8d06\" data-element_type=\"column\">\n\t\t\t<div class=\"elementor-widget-wrap elementor-element-populated\">\n\t\t\t\t\t\t<div class=\"elementor-element elementor-element-2a32c96 elementor-widget elementor-widget-text-editor\" data-id=\"2a32c96\" data-element_type=\"widget\" data-widget_type=\"text-editor.default\">\n\t\t\t\t<div class=\"elementor-widget-container\">\n\t\t\t\t\t\t\t\t\t<h1 style=\"font-weight: 800;font-size:2.7rem\">\u00bfC\u00f3mo trabajamos?<\/h1>\t\t\t\t\t\t\t\t<\/div>\n\t\t\t\t<\/div>\n\t\t\t\t<div class=\"elementor-element elementor-element-5ead211 elementor-widget elementor-widget-text-editor\" data-id=\"5ead211\" data-element_type=\"widget\" data-widget_type=\"text-editor.default\">\n\t\t\t\t<div class=\"elementor-widget-container\">\n\t\t\t\t\t\t\t\t\t<p>Realizamos una asesor\u00eda cient\u00edfico-t\u00e9cnica para valorar conjuntamente con el solicitante las posibilidades de \u00e9xito en la acreditaci\u00f3n y\/o para guiarle en el desarrollo de su carrera docente e investigadora. Esta asesor\u00eda personalizada se realiza despu\u00e9s de un an\u00e1lisis pormenorizado del curr\u00edculum vitae que debe aportar el solicitante y se lleva a cabo en una videoconferencia para la evaluaci\u00f3n conjunta. Si posteriormente el solicitante requiere los servicios de ACREDITARSE para el desarrollo y formalizaci\u00f3n de todo el proceso de acreditaci\u00f3n, se le remitir\u00e1 un presupuesto personalizado. Nuestro objetivo es facilitarle el procedimiento de la acreditaci\u00f3n e incrementar sus posibilidades de \u00e9xito.<\/p>\t\t\t\t\t\t\t\t<\/div>\n\t\t\t\t<\/div>\n\t\t\t\t\t<\/div>\n\t\t<\/div>\n\t\t\t\t\t<\/div>\n\t\t<\/section>\n\t\t\t\t<section class=\"elementor-section elementor-top-section elementor-element elementor-element-bb80d84 elementor-section-full_width elementor-section-content-middle elementor-section-stretched elementor-section-height-default elementor-section-height-default\" data-id=\"bb80d84\" data-element_type=\"section\" data-settings=\"{&quot;stretch_section&quot;:&quot;section-stretched&quot;}\">\n\t\t\t\t\t\t<div class=\"elementor-container elementor-column-gap-default\">\n\t\t\t\t\t<div class=\"elementor-column elementor-col-50 elementor-top-column elementor-element elementor-element-0f91189\" data-id=\"0f91189\" data-element_type=\"column\">\n\t\t\t<div class=\"elementor-widget-wrap elementor-element-populated\">\n\t\t\t\t\t\t<div class=\"elementor-element elementor-element-3282fc5 elementor-widget elementor-widget-text-editor\" data-id=\"3282fc5\" data-element_type=\"widget\" data-widget_type=\"text-editor.default\">\n\t\t\t\t<div class=\"elementor-widget-container\">\n\t\t\t\t\t\t\t\t\t<div class=\"lista-iconos\">\n  <div class=\"item\">\n    <i class=\"fas fa-check\" style=\"color: #0069b4\" aria-hidden=\"true\"><\/i>\n    <div class=\"contenido\">\n      <h4 style=\"font-weight: bold\">\n        <span style=\"color: #0069b4\">Paso 1<\/span>: Solicitud de servicio\n      <\/h4>\n      <p style=\"font-weight: 300; font-size: 22px\">\n        Solicite el servicio que necesite a trav\u00e9s del formulario que encontrar\u00e1\n        en la p\u00e1gina de contacto.\n      <\/p>\n    <\/div>\n  <\/div>\n  <div class=\"item\">\n    <i class=\"fas fa-check\" style=\"color: #0069b4\" aria-hidden=\"true\"><\/i>\n    <div class=\"contenido\">\n      <h4 style=\"font-weight: bold\">\n        <span style=\"color: #0069b4\">Paso 2<\/span>: Aprobaci\u00f3n del presupuesto\n      <\/h4>\n      <p style=\"font-weight: 300; font-size: 22px\">\n        Despu\u00e9s de revisar qu\u00e9 servicio necesita y su curr\u00edculum vitae, le\n        enviaremos un presupuesto personalizado para la asesor\u00eda\n        cient\u00edfico-t\u00e9cnica.\n      <\/p>\n    <\/div>\n  <\/div>\n  <div class=\"item\">\n    <i class=\"fas fa-check\" style=\"color: #0069b4\" aria-hidden=\"true\"><\/i>\n    <div class=\"contenido\">\n      <h4 style=\"font-weight: bold\">\n        <span style=\"color: #0069b4\">Paso 3<\/span>: Asesor\u00eda cient\u00edfico-t\u00e9cnica\n      <\/h4>\n      <p style=\"font-weight: 300; font-size: 22px\">\n        Una vez aprobado el presupuesto, un especialista en su \u00e1rea del\n        conocimiento estudiar\u00e1 su curr\u00edculum vitae y, mediante videollamada,\n        resolver\u00e1 todas sus dudas y seleccionar\u00e1 los m\u00e9ritos adecuados para la\n        solicitud de acreditaci\u00f3n.\n      <\/p>\n    <\/div>\n  <\/div>\n  <div class=\"item\">\n    <i class=\"fas fa-check\" style=\"color: #0069b4\" aria-hidden=\"true\"><\/i>\n    <div class=\"contenido\">\n      <h4 style=\"font-weight: bold\">\n        <span style=\"color: #0069b4\">Paso 4<\/span>: Subida de documentaci\u00f3n a la\n        aplicaci\u00f3n\n      <\/h4>\n      <p style=\"font-weight: 300; font-size: 22px\">\n        Despu\u00e9s de la asesor\u00eda, el solicitante podr\u00e1 elegir si desea realizar el\n        proceso de subida de la documentaci\u00f3n a la nueva aplicaci\u00f3n de la ANECA\n        por s\u00ed mismo o si prefiere que nos encarguemos nosotros. En este caso,\n        se le facilitar\u00e1 otro presupuesto con este servicio.\n      <\/p>\n    <\/div>\n  <\/div>\n<\/div>\n\t\t\t\t\t\t\t\t<\/div>\n\t\t\t\t<\/div>\n\t\t\t\t\t<\/div>\n\t\t<\/div>\n\t\t\t\t<div class=\"elementor-column elementor-col-50 elementor-top-column elementor-element elementor-element-4eda9cb\" data-id=\"4eda9cb\" data-element_type=\"column\">\n\t\t\t<div class=\"elementor-widget-wrap elementor-element-populated\">\n\t\t\t\t\t\t<div class=\"elementor-element elementor-element-18cd5b5 elementor-widget elementor-widget-image\" data-id=\"18cd5b5\" data-element_type=\"widget\" data-widget_type=\"image.default\">\n\t\t\t\t<div class=\"elementor-widget-container\">\n\t\t\t\t\t\t\t\t\t\t\t\t\t\t\t<img decoding=\"async\" width=\"715\" height=\"575\" src=\"https:\/\/vasc-online.com\/wp-content\/uploads\/2024\/10\/g177.png\" class=\"attachment-full size-full wp-image-2140\" alt=\"\" srcset=\"https:\/\/vasc-online.com\/wp-content\/uploads\/2024\/10\/g177.png 715w, https:\/\/vasc-online.com\/wp-content\/uploads\/2024\/10\/g177-300x241.png 300w, https:\/\/vasc-online.com\/wp-content\/uploads\/2024\/10\/g177-600x483.png 600w\" sizes=\"(max-width: 715px) 100vw, 715px\" \/>\t\t\t\t\t\t\t\t\t\t\t\t\t\t\t<\/div>\n\t\t\t\t<\/div>\n\t\t\t\t\t<\/div>\n\t\t<\/div>\n\t\t\t\t\t<\/div>\n\t\t<\/section>\n\t\t\t\t<section class=\"elementor-section elementor-top-section elementor-element elementor-element-2a91c7a elementor-section-full_width elementor-section-content-middle elementor-section-stretched elementor-section-height-default elementor-section-height-default\" data-id=\"2a91c7a\" data-element_type=\"section\" data-settings=\"{&quot;stretch_section&quot;:&quot;section-stretched&quot;,&quot;background_background&quot;:&quot;classic&quot;}\">\n\t\t\t\t\t\t<div class=\"elementor-container elementor-column-gap-default\">\n\t\t\t\t\t<div class=\"elementor-column elementor-col-100 elementor-top-column elementor-element elementor-element-c51523f\" data-id=\"c51523f\" data-element_type=\"column\">\n\t\t\t<div class=\"elementor-widget-wrap elementor-element-populated\">\n\t\t\t\t\t\t<div class=\"elementor-element elementor-element-256115e elementor-widget elementor-widget-text-editor\" data-id=\"256115e\" data-element_type=\"widget\" data-widget_type=\"text-editor.default\">\n\t\t\t\t<div class=\"elementor-widget-container\">\n\t\t\t\t\t\t\t\t\t<h1 style=\"font-weight: 800; font-size: 2.7rem;\">El servicio incluye<\/h1>\t\t\t\t\t\t\t\t<\/div>\n\t\t\t\t<\/div>\n\t\t\t\t<div class=\"elementor-element elementor-element-411c193 elementor-align-start elementor-icon-list--layout-traditional elementor-list-item-link-full_width elementor-widget elementor-widget-icon-list\" data-id=\"411c193\" data-element_type=\"widget\" data-widget_type=\"icon-list.default\">\n\t\t\t\t<div class=\"elementor-widget-container\">\n\t\t\t\t\t\t\t<ul class=\"elementor-icon-list-items\">\n\t\t\t\t\t\t\t<li class=\"elementor-icon-list-item\">\n\t\t\t\t\t\t\t\t\t\t\t<span class=\"elementor-icon-list-icon\">\n\t\t\t\t\t\t\t<i aria-hidden=\"true\" class=\"fas fa-check\"><\/i>\t\t\t\t\t\t<\/span>\n\t\t\t\t\t\t\t\t\t\t<span class=\"elementor-icon-list-text\">Evaluaci\u00f3n del curr\u00edculum vitae seg\u00fan los apartados establecidos por ANECA para cada una de las categor\u00edas de profesorado.<\/span>\n\t\t\t\t\t\t\t\t\t<\/li>\n\t\t\t\t\t\t\t\t<li class=\"elementor-icon-list-item\">\n\t\t\t\t\t\t\t\t\t\t\t<span class=\"elementor-icon-list-icon\">\n\t\t\t\t\t\t\t<i aria-hidden=\"true\" class=\"fas fa-check\"><\/i>\t\t\t\t\t\t<\/span>\n\t\t\t\t\t\t\t\t\t\t<span class=\"elementor-icon-list-text\">Elaboraci\u00f3n de informes orientativos de valoraci\u00f3n del curr\u00edculum seg\u00fan los criterios orientativos publicados por ANECA.<\/span>\n\t\t\t\t\t\t\t\t\t<\/li>\n\t\t\t\t\t\t\t\t<li class=\"elementor-icon-list-item\">\n\t\t\t\t\t\t\t\t\t\t\t<span class=\"elementor-icon-list-icon\">\n\t\t\t\t\t\t\t<i aria-hidden=\"true\" class=\"fas fa-check\"><\/i>\t\t\t\t\t\t<\/span>\n\t\t\t\t\t\t\t\t\t\t<span class=\"elementor-icon-list-text\">Carga de la informaci\u00f3n del curr\u00edculum en la aplicaci\u00f3n inform\u00e1tica y la correspondiente b\u00fasqueda e inclusi\u00f3n de indicios de calidad.<\/span>\n\t\t\t\t\t\t\t\t\t<\/li>\n\t\t\t\t\t\t\t\t<li class=\"elementor-icon-list-item\">\n\t\t\t\t\t\t\t\t\t\t\t<span class=\"elementor-icon-list-icon\">\n\t\t\t\t\t\t\t<i aria-hidden=\"true\" class=\"fas fa-check\"><\/i>\t\t\t\t\t\t<\/span>\n\t\t\t\t\t\t\t\t\t\t<span class=\"elementor-icon-list-text\">Carga de PDFs en la aplicaci\u00f3n ya individualizados y nombrados correctamente.<\/span>\n\t\t\t\t\t\t\t\t\t<\/li>\n\t\t\t\t\t\t\t\t<li class=\"elementor-icon-list-item\">\n\t\t\t\t\t\t\t\t\t\t\t<span class=\"elementor-icon-list-icon\">\n\t\t\t\t\t\t\t<i aria-hidden=\"true\" class=\"fas fa-check\"><\/i>\t\t\t\t\t\t<\/span>\n\t\t\t\t\t\t\t\t\t\t<span class=\"elementor-icon-list-text\">Asesoramiento y propuestas para los textos libres (autoevaluaci\u00f3n, m\u00e9ritos obligatorios, etc.).<\/span>\n\t\t\t\t\t\t\t\t\t<\/li>\n\t\t\t\t\t\t\t\t<li class=\"elementor-icon-list-item\">\n\t\t\t\t\t\t\t\t\t\t\t<span class=\"elementor-icon-list-icon\">\n\t\t\t\t\t\t\t<i aria-hidden=\"true\" class=\"fas fa-check\"><\/i>\t\t\t\t\t\t<\/span>\n\t\t\t\t\t\t\t\t\t\t<span class=\"elementor-icon-list-text\">Atenci\u00f3n personalizada durante todo el proceso de solicitud.<\/span>\n\t\t\t\t\t\t\t\t\t<\/li>\n\t\t\t\t\t\t<\/ul>\n\t\t\t\t\t\t<\/div>\n\t\t\t\t<\/div>\n\t\t\t\t\t<\/div>\n\t\t<\/div>\n\t\t\t\t\t<\/div>\n\t\t<\/section>\n\t\t\t\t<section class=\"elementor-section elementor-top-section elementor-element elementor-element-2812539 elementor-section-full_width elementor-section-content-middle elementor-section-stretched elementor-section-height-default elementor-section-height-default\" data-id=\"2812539\" data-element_type=\"section\" data-settings=\"{&quot;stretch_section&quot;:&quot;section-stretched&quot;}\">\n\t\t\t\t\t\t<div class=\"elementor-container elementor-column-gap-default\">\n\t\t\t\t\t<div class=\"elementor-column elementor-col-50 elementor-top-column elementor-element elementor-element-86b1ab2\" data-id=\"86b1ab2\" data-element_type=\"column\">\n\t\t\t<div class=\"elementor-widget-wrap elementor-element-populated\">\n\t\t\t\t\t\t<div class=\"elementor-element elementor-element-195c5e9 elementor-widget elementor-widget-text-editor\" data-id=\"195c5e9\" data-element_type=\"widget\" data-widget_type=\"text-editor.default\">\n\t\t\t\t<div class=\"elementor-widget-container\">\n\t\t\t\t\t\t\t\t\t<h1 style=\"font-weight: 800; font-size: 2.7rem;\">El solicitante debe presentar<\/h1>\t\t\t\t\t\t\t\t<\/div>\n\t\t\t\t<\/div>\n\t\t\t\t<div class=\"elementor-element elementor-element-98b49cb elementor-align-start elementor-icon-list--layout-traditional elementor-list-item-link-full_width elementor-widget elementor-widget-icon-list\" data-id=\"98b49cb\" data-element_type=\"widget\" data-widget_type=\"icon-list.default\">\n\t\t\t\t<div class=\"elementor-widget-container\">\n\t\t\t\t\t\t\t<ul class=\"elementor-icon-list-items\">\n\t\t\t\t\t\t\t<li class=\"elementor-icon-list-item\">\n\t\t\t\t\t\t\t\t\t\t\t<span class=\"elementor-icon-list-icon\">\n\t\t\t\t\t\t\t<i aria-hidden=\"true\" class=\"fas fa-check\"><\/i>\t\t\t\t\t\t<\/span>\n\t\t\t\t\t\t\t\t\t\t<span class=\"elementor-icon-list-text\">Curr\u00edculum Vitae actualizado.<\/span>\n\t\t\t\t\t\t\t\t\t<\/li>\n\t\t\t\t\t\t\t\t<li class=\"elementor-icon-list-item\">\n\t\t\t\t\t\t\t\t\t\t\t<span class=\"elementor-icon-list-icon\">\n\t\t\t\t\t\t\t<i aria-hidden=\"true\" class=\"fas fa-check\"><\/i>\t\t\t\t\t\t<\/span>\n\t\t\t\t\t\t\t\t\t\t<span class=\"elementor-icon-list-text\">Todos los justificantes de los m\u00e9ritos incluidos en el curr\u00edculum vitae digitalizados.<\/span>\n\t\t\t\t\t\t\t\t\t<\/li>\n\t\t\t\t\t\t<\/ul>\n\t\t\t\t\t\t<\/div>\n\t\t\t\t<\/div>\n\t\t\t\t<div class=\"elementor-element elementor-element-438f7aa elementor-widget elementor-widget-text-editor\" data-id=\"438f7aa\" data-element_type=\"widget\" data-widget_type=\"text-editor.default\">\n\t\t\t\t<div class=\"elementor-widget-container\">\n\t\t\t\t\t\t\t\t\t<h1 style=\"font-weight: 800; font-size: 2.7rem;\">Plazo de realizaci\u00f3n<\/h1>\t\t\t\t\t\t\t\t<\/div>\n\t\t\t\t<\/div>\n\t\t\t\t<div class=\"elementor-element elementor-element-fadb121 elementor-widget elementor-widget-text-editor\" data-id=\"fadb121\" data-element_type=\"widget\" data-widget_type=\"text-editor.default\">\n\t\t\t\t<div class=\"elementor-widget-container\">\n\t\t\t\t\t\t\t\t\t<p>La solicitud de las acreditaciones acad\u00e9micas a las diversas categor\u00edas de profesorado se hace en un plazo aproximado de 6 meses.<\/p>\t\t\t\t\t\t\t\t<\/div>\n\t\t\t\t<\/div>\n\t\t\t\t\t<\/div>\n\t\t<\/div>\n\t\t\t\t<div class=\"elementor-column elementor-col-50 elementor-top-column elementor-element elementor-element-22ce8d5\" data-id=\"22ce8d5\" data-element_type=\"column\">\n\t\t\t<div class=\"elementor-widget-wrap elementor-element-populated\">\n\t\t\t\t\t\t<div class=\"elementor-element elementor-element-d4fc073 elementor-widget elementor-widget-text-editor\" data-id=\"d4fc073\" data-element_type=\"widget\" data-widget_type=\"text-editor.default\">\n\t\t\t\t<div class=\"elementor-widget-container\">\n\t\t\t\t\t\t\t\t\t<h1 style=\"font-weight: 800; font-size: 2.7rem;\">Tarifas<\/h1>\t\t\t\t\t\t\t\t<\/div>\n\t\t\t\t<\/div>\n\t\t\t\t<div class=\"elementor-element elementor-element-b203298 elementor-widget elementor-widget-text-editor\" data-id=\"b203298\" data-element_type=\"widget\" data-widget_type=\"text-editor.default\">\n\t\t\t\t<div class=\"elementor-widget-container\">\n\t\t\t\t\t\t\t\t\t<p>Una vez realizada la petici\u00f3n y en base al volumen de trabajo necesario para la realizaci\u00f3n de la solicitud, se remitir\u00e1 un presupuesto al solicitante para su aprobaci\u00f3n. Tras su aceptaci\u00f3n, se remitir\u00e1 la factura correspondiente junto con las condiciones particulares del servicio. Se abonar\u00e1 de forma anticipada la prestaci\u00f3n del servicio. Los precios de este servicio var\u00edan seg\u00fan la categor\u00eda a la que se presenta el solicitante. Se realizar\u00e1 un presupuesto personalizado en base a la solicitud que se realice.<\/p>\t\t\t\t\t\t\t\t<\/div>\n\t\t\t\t<\/div>\n\t\t\t\t\t<\/div>\n\t\t<\/div>\n\t\t\t\t\t<\/div>\n\t\t<\/section>\n\t\t\t\t<section class=\"elementor-section elementor-top-section elementor-element elementor-element-8abbc9f elementor-section-full_width elementor-section-content-middle elementor-section-stretched elementor-section-height-default elementor-section-height-default\" data-id=\"8abbc9f\" data-element_type=\"section\" data-settings=\"{&quot;stretch_section&quot;:&quot;section-stretched&quot;,&quot;background_background&quot;:&quot;classic&quot;}\">\n\t\t\t\t\t\t<div class=\"elementor-container elementor-column-gap-default\">\n\t\t\t\t\t<div class=\"elementor-column elementor-col-100 elementor-top-column elementor-element elementor-element-0f307bb\" data-id=\"0f307bb\" data-element_type=\"column\">\n\t\t\t<div class=\"elementor-widget-wrap elementor-element-populated\">\n\t\t\t\t\t\t<div class=\"elementor-element elementor-element-860bc40 elementor-widget elementor-widget-text-editor\" data-id=\"860bc40\" data-element_type=\"widget\" data-widget_type=\"text-editor.default\">\n\t\t\t\t<div class=\"elementor-widget-container\">\n\t\t\t\t\t\t\t\t\t<h1 style=\"font-weight: 800; font-size: 2.7rem;\">Preguntas frecuentes<\/h1>\t\t\t\t\t\t\t\t<\/div>\n\t\t\t\t<\/div>\n\t\t\t\t<div class=\"elementor-element elementor-element-6d5bfda elementor-widget elementor-widget-text-editor\" data-id=\"6d5bfda\" data-element_type=\"widget\" data-widget_type=\"text-editor.default\">\n\t\t\t\t<div class=\"elementor-widget-container\">\n\t\t\t\t\t\t\t\t\t<h4 style=\"font-weight: 800;\">\u00bfPor qu\u00e9 es importante la acreditaci\u00f3n para los profesores universitarios?<\/h4>\t\t\t\t\t\t\t\t<\/div>\n\t\t\t\t<\/div>\n\t\t\t\t<div class=\"elementor-element elementor-element-2cb2db0 elementor-widget elementor-widget-text-editor\" data-id=\"2cb2db0\" data-element_type=\"widget\" data-widget_type=\"text-editor.default\">\n\t\t\t\t<div class=\"elementor-widget-container\">\n\t\t\t\t\t\t\t\t\t<p>Este proceso es importante para los profesores porque ayuda a garantizar que la universidad para la que trabajan sea de alta calidad y que sus estudiantes reciban una buena educaci\u00f3n. La acreditaci\u00f3n tambi\u00e9n permite a los profesores comparar universidades y colegios al considerar puestos docentes. <br \/><br \/>Hay muchos beneficios para los profesores universitarios que buscan acreditaci\u00f3n. Quiz\u00e1s el beneficio m\u00e1s importante es la mayor seguridad laboral que conlleva. En la econom\u00eda actual, los trabajos a menudo dependen del presupuesto y la acreditaci\u00f3n. Esto puede dar a los profesores el impulso adicional que necesitan para mantener sus trabajos. Adem\u00e1s, la acreditaci\u00f3n puede conducir a salarios m\u00e1s altos y mejores condiciones de trabajo. Tambi\u00e9n puede proporcionar oportunidades para el desarrollo profesional y la creaci\u00f3n de redes.<\/p>\t\t\t\t\t\t\t\t<\/div>\n\t\t\t\t<\/div>\n\t\t\t\t<div class=\"elementor-element elementor-element-2498fc1 elementor-widget elementor-widget-text-editor\" data-id=\"2498fc1\" data-element_type=\"widget\" data-widget_type=\"text-editor.default\">\n\t\t\t\t<div class=\"elementor-widget-container\">\n\t\t\t\t\t\t\t\t\t<h4 style=\"font-weight: 800;\">\u00bfCu\u00e1nto tarda en publicarse la resoluci\u00f3n de la acreditaci\u00f3n por la ANECA?<\/h4>\t\t\t\t\t\t\t\t<\/div>\n\t\t\t\t<\/div>\n\t\t\t\t<div class=\"elementor-element elementor-element-1b63d70 elementor-widget elementor-widget-text-editor\" data-id=\"1b63d70\" data-element_type=\"widget\" data-widget_type=\"text-editor.default\">\n\t\t\t\t<div class=\"elementor-widget-container\">\n\t\t\t\t\t\t\t\t\t<p>En la actualidad, se publican las resoluciones de ANECA dentro de un periodo aproximado de 3 meses. Esto puede variar en funci\u00f3n de la \u00e9poca del a\u00f1o en la que se haya presentado el expediente. Por otro lado, en caso de que recibas una evaluaci\u00f3n negativa, es necesario que esperes un m\u00ednimo de 6 meses para volver a solicitar una nueva evaluaci\u00f3n.<\/p>\t\t\t\t\t\t\t\t<\/div>\n\t\t\t\t<\/div>\n\t\t\t\t<div class=\"elementor-element elementor-element-5ca6217 elementor-widget elementor-widget-text-editor\" data-id=\"5ca6217\" data-element_type=\"widget\" data-widget_type=\"text-editor.default\">\n\t\t\t\t<div class=\"elementor-widget-container\">\n\t\t\t\t\t\t\t\t\t<h4 style=\"font-weight: 800;\">\u00bfEs necesario realizar la evaluaci\u00f3n del CV?<\/h4>\t\t\t\t\t\t\t\t<\/div>\n\t\t\t\t<\/div>\n\t\t\t\t<div class=\"elementor-element elementor-element-b146cf2 elementor-widget elementor-widget-text-editor\" data-id=\"b146cf2\" data-element_type=\"widget\" data-widget_type=\"text-editor.default\">\n\t\t\t\t<div class=\"elementor-widget-container\">\n\t\t\t\t\t\t\t\t\t<p>S\u00ed, de esta forma podremos asegurarnos que la resoluci\u00f3n de la ANECA sea favorable. Esta evaluaci\u00f3n del curr\u00edculum nos permite realizar sugerencias si la evaluaci\u00f3n no es favorable.<\/p>\t\t\t\t\t\t\t\t<\/div>\n\t\t\t\t<\/div>\n\t\t\t\t<div class=\"elementor-element elementor-element-04bb22c elementor-widget elementor-widget-text-editor\" data-id=\"04bb22c\" data-element_type=\"widget\" data-widget_type=\"text-editor.default\">\n\t\t\t\t<div class=\"elementor-widget-container\">\n\t\t\t\t\t\t\t\t\t<h4 style=\"font-weight: 800;\">\u00bfCu\u00e1ndo se puede realizar la solicitud de evaluaci\u00f3n de una acreditaci\u00f3n si eres profesor contratado?<\/h4>\t\t\t\t\t\t\t\t<\/div>\n\t\t\t\t<\/div>\n\t\t\t\t<div class=\"elementor-element elementor-element-81a7fdd elementor-widget elementor-widget-text-editor\" data-id=\"81a7fdd\" data-element_type=\"widget\" data-widget_type=\"text-editor.default\">\n\t\t\t\t<div class=\"elementor-widget-container\">\n\t\t\t\t\t\t\t\t\t<p>La ANECA mantiene abierta su convocatoria durante todo el a\u00f1o, por lo que siempre se puede realizar la solicitud de la evaluaci\u00f3n de una acreditaci\u00f3n. La \u00fanica excepci\u00f3n se da al recibir una evaluaci\u00f3n negativa, en cuyo caso se debe esperar 6 meses para poder presentar una nueva solicitud.<\/p>\t\t\t\t\t\t\t\t<\/div>\n\t\t\t\t<\/div>\n\t\t\t\t<div class=\"elementor-element elementor-element-f52dab8 elementor-widget elementor-widget-text-editor\" data-id=\"f52dab8\" data-element_type=\"widget\" data-widget_type=\"text-editor.default\">\n\t\t\t\t<div class=\"elementor-widget-container\">\n\t\t\t\t\t\t\t\t\t<h4 style=\"font-weight: 800;\">\u00bfQu\u00e9 documentaci\u00f3n se debe enviar a ANECA?<\/h4>\t\t\t\t\t\t\t\t<\/div>\n\t\t\t\t<\/div>\n\t\t\t\t<div class=\"elementor-element elementor-element-3686365 elementor-widget elementor-widget-text-editor\" data-id=\"3686365\" data-element_type=\"widget\" data-widget_type=\"text-editor.default\">\n\t\t\t\t<div class=\"elementor-widget-container\">\n\t\t\t\t\t\t\t\t\t<ul>\n    <li style=\"margin-bottom: 10px;\">Solicitud firmada electr\u00f3nicamente.<\/li>\n    <li style=\"margin-bottom: 10px;\">Hoja de servicios.<\/li>\n    <li style=\"margin-bottom: 10px;\">Declaraci\u00f3n de veracidad<\/li>\n    <li style=\"margin-bottom: 10px;\">Copia de la documentaci\u00f3n acreditativa de los requisitos previos necesarios en cada caso (T\u00edtulo de Doctor -solo para t\u00edtulos extranjeros y t\u00edtulos en proceso de emisi\u00f3n con las tasas pagadas-; Nombramiento como TU; o informe positivo de Exenci\u00f3n).<\/li>\n    <li style=\"margin-bottom: 10px;\">La justificaci\u00f3n documental de aquellos m\u00e9ritos que, por estar se\u00f1alados en apartados de \u201cotros m\u00e9ritos\u201d o por no haberse seleccionado, no se hayan podido subir a la aplicaci\u00f3n inform\u00e1tica.<\/li>\n<\/ul>\t\t\t\t\t\t\t\t<\/div>\n\t\t\t\t<\/div>\n\t\t\t\t\t<\/div>\n\t\t<\/div>\n\t\t\t\t\t<\/div>\n\t\t<\/section>\n\t\t\t\t<section class=\"elementor-section elementor-top-section elementor-element elementor-element-4159ea8 elementor-section-full_width elementor-section-content-middle elementor-section-stretched elementor-section-height-default elementor-section-height-default\" data-id=\"4159ea8\" data-element_type=\"section\" data-settings=\"{&quot;stretch_section&quot;:&quot;section-stretched&quot;,&quot;background_background&quot;:&quot;gradient&quot;}\">\n\t\t\t\t\t\t\t<div class=\"elementor-background-overlay\"><\/div>\n\t\t\t\t\t\t\t<div class=\"elementor-container elementor-column-gap-default\">\n\t\t\t\t\t<div class=\"elementor-column elementor-col-100 elementor-top-column elementor-element elementor-element-4123d05\" data-id=\"4123d05\" data-element_type=\"column\" data-settings=\"{&quot;background_background&quot;:&quot;classic&quot;}\">\n\t\t\t<div class=\"elementor-widget-wrap elementor-element-populated\">\n\t\t\t\t\t\t<div class=\"elementor-element elementor-element-f27c3fe elementor-widget elementor-widget-text-editor\" data-id=\"f27c3fe\" data-element_type=\"widget\" data-widget_type=\"text-editor.default\">\n\t\t\t\t<div class=\"elementor-widget-container\">\n\t\t\t\t\t\t\t\t\t<p>Contacto<\/p>\t\t\t\t\t\t\t\t<\/div>\n\t\t\t\t<\/div>\n\t\t\t\t<div class=\"elementor-element elementor-element-a4e6d42 elementor-widget elementor-widget-text-editor\" data-id=\"a4e6d42\" data-element_type=\"widget\" data-widget_type=\"text-editor.default\">\n\t\t\t\t<div class=\"elementor-widget-container\">\n\t\t\t\t\t\t\t\t\t<p>Si tiene preguntas sobre nuestros <br \/>servicios de cirug\u00eda vascular en <br \/>l\u00ednea o desea programar una <br \/>consulta, estamos aqu\u00ed para <br \/>ayudarlo. Puede comunicarse con <br \/>nosotros por tel\u00e9fono, correo <br \/>electr\u00f3nico o mediante nuestro <br \/>formulario de contacto en l\u00ednea.<\/p>\t\t\t\t\t\t\t\t<\/div>\n\t\t\t\t<\/div>\n\t\t\t\t<div class=\"elementor-element elementor-element-dbf8432 elementor-widget__width-auto elementor-widget elementor-widget-button\" data-id=\"dbf8432\" data-element_type=\"widget\" data-widget_type=\"button.default\">\n\t\t\t\t<div class=\"elementor-widget-container\">\n\t\t\t\t\t\t\t\t\t<div class=\"elementor-button-wrapper\">\n\t\t\t\t\t<a class=\"elementor-button elementor-button-link elementor-size-sm\" href=\"mailto:hola@vasc-online.com\">\n\t\t\t\t\t\t<span class=\"elementor-button-content-wrapper\">\n\t\t\t\t\t\t\t\t\t<span class=\"elementor-button-text\">hola@vasc-online.com<\/span>\n\t\t\t\t\t<\/span>\n\t\t\t\t\t<\/a>\n\t\t\t\t<\/div>\n\t\t\t\t\t\t\t\t<\/div>\n\t\t\t\t<\/div>\n\t\t\t\t\t<\/div>\n\t\t<\/div>\n\t\t\t\t\t<\/div>\n\t\t<\/section>\n\t\t\t\t<\/div>\n\t\t","protected":false},"excerpt":{"rendered":"<p>Acreditaciones Acreditaciones Curr\u00edculum Vitae Normalizado INCLUSI\u00d3N DEL CURR\u00cdCULUM\u00a0 EN FORMATO CVN Este servicio proporciona la inclusi\u00f3n del curr\u00edculum vitae en formato CVN mediante el editor de CVN proporcionado por la FECYT. En este servicio se incluye la carga en el sistema de todos los m\u00e9ritos del interesado. PLAZO DE REALIZACI\u00d3N La carga del curr\u00edculum vitae [&hellip;]<\/p>\n","protected":false},"author":1,"featured_media":0,"parent":0,"menu_order":0,"comment_status":"closed","ping_status":"closed","template":"","meta":{"_acf_changed":false,"footnotes":""},"class_list":["post-2012","page","type-page","status-publish","hentry"],"acf":[],"_links":{"self":[{"href":"https:\/\/vasc-online.com\/index.php\/wp-json\/wp\/v2\/pages\/2012","targetHints":{"allow":["GET"]}}],"collection":[{"href":"https:\/\/vasc-online.com\/index.php\/wp-json\/wp\/v2\/pages"}],"about":[{"href":"https:\/\/vasc-online.com\/index.php\/wp-json\/wp\/v2\/types\/page"}],"author":[{"embeddable":true,"href":"https:\/\/vasc-online.com\/index.php\/wp-json\/wp\/v2\/users\/1"}],"replies":[{"embeddable":true,"href":"https:\/\/vasc-online.com\/index.php\/wp-json\/wp\/v2\/comments?post=2012"}],"version-history":[{"count":121,"href":"https:\/\/vasc-online.com\/index.php\/wp-json\/wp\/v2\/pages\/2012\/revisions"}],"predecessor-version":[{"id":2754,"href":"https:\/\/vasc-online.com\/index.php\/wp-json\/wp\/v2\/pages\/2012\/revisions\/2754"}],"wp:attachment":[{"href":"https:\/\/vasc-online.com\/index.php\/wp-json\/wp\/v2\/media?parent=2012"}],"curies":[{"name":"wp","href":"https:\/\/api.w.org\/{rel}","templated":true}]}}